{"id":1373,"date":"2025-11-23T20:13:35","date_gmt":"2025-11-23T20:13:35","guid":{"rendered":"https:\/\/pasul-palma-village.ro\/?post_type=listing&#038;p=1373"},"modified":"2025-11-24T08:25:14","modified_gmt":"2025-11-24T08:25:14","slug":"manastirea-sucevita-14-km","status":"publish","type":"listing","link":"https:\/\/pasul-palma-village.ro\/en\/locuri-musai-de-vizitat\/manastirea-sucevita-14-km\/","title":{"rendered":"M\u0103n\u0103stirea Sucevita &#8211; 14 km"},"content":{"rendered":"<p>M\u0103n\u0103stirea Sucevi\u021ba reprezint\u0103 unul dintre cele mai solide argumente pentru unicitatea Bucovinei \u00een patrimoniul cultural mondial. Fortifica\u021biile \u00eenalte, turnurile masive \u0219i curtea interioar\u0103 armonios propor\u021bionat\u0103 creeaz\u0103 un ansamblu ce \u00eembin\u0103 func\u021bionalitatea militar\u0103 cu rafinamentul artei religioase. Frescele exterioare, dominate de celebrul \u201everde Sucevi\u021ba\u201d, sunt o enciclopedie vizual\u0103 a spiritualit\u0103\u021bii cre\u0219tine, realizat\u0103 cu o precizie care dep\u0103\u0219e\u0219te limitele tehnice ale epocii. Vizita la Sucevi\u021ba ofer\u0103 o experien\u021b\u0103 complet\u0103: contact cu istoria, lini\u0219te autentic\u0103 \u0219i o atmosfer\u0103 ce invit\u0103 la reflec\u021bie profund\u0103.<\/p>","protected":false},"author":1,"featured_media":1402,"comment_status":"open","ping_status":"closed","template":"","meta":[],"listing_category":[131],"event_category":[],"service_category":[],"rental_category":[],"classifieds_category":[],"listing_feature":[],"region":[],"class_list":["post-1373","listing","type-listing","status-publish","has-post-thumbnail","hentry","listing_category-locuri-musai-de-vizitat"],"yoast_head":"<!-- This site is optimized with the Yoast SEO plugin v26.5 - https:\/\/yoast.com\/wordpress\/plugins\/seo\/ -->\n<title>M\u0103n\u0103stirea Sucevita - 14 km - Pasul Palma Village<\/title>\n<meta name=\"robots\" content=\"index, follow, max-snippet:-1, max-image-preview:large, max-video-preview:-1\" \/>\n<link rel=\"canonical\" href=\"https:\/\/pasul-palma-village.ro\/en\/locuri-musai-de-vizitat\/manastirea-sucevita-14-km\/\" \/>\n<meta property=\"og:locale\" content=\"en_GB\" \/>\n<meta property=\"og:type\" content=\"article\" \/>\n<meta property=\"og:title\" content=\"M\u0103n\u0103stirea Sucevita - 14 km - Pasul Palma Village\" \/>\n<meta property=\"og:description\" content=\"M\u0103n\u0103stirea Sucevi\u021ba reprezint\u0103 unul dintre cele mai solide argumente pentru unicitatea Bucovinei \u00een patrimoniul cultural mondial. Fortifica\u021biile \u00eenalte, turnurile masive \u0219i curtea interioar\u0103 armonios propor\u021bionat\u0103 creeaz\u0103 un ansamblu ce \u00eembin\u0103 func\u021bionalitatea militar\u0103 cu rafinamentul artei religioase. Frescele exterioare, dominate de celebrul \u201everde Sucevi\u021ba\u201d, sunt o enciclopedie vizual\u0103 a spiritualit\u0103\u021bii cre\u0219tine, realizat\u0103 cu o precizie care [&hellip;]\" \/>\n<meta property=\"og:url\" content=\"https:\/\/pasul-palma-village.ro\/en\/locuri-musai-de-vizitat\/manastirea-sucevita-14-km\/\" \/>\n<meta property=\"og:site_name\" content=\"Pasul Palma Village\" \/>\n<meta property=\"article:publisher\" content=\"https:\/\/www.facebook.com\/pasulpalmavillage\" \/>\n<meta property=\"article:modified_time\" content=\"2025-11-24T08:25:14+00:00\" \/>\n<meta property=\"og:image\" content=\"https:\/\/pasul-palma-village.ro\/wp-content\/uploads\/2025\/11\/d54b401cd068e5b430943a91328923ec.jpg\" \/>\n\t<meta property=\"og:image:width\" content=\"550\" \/>\n\t<meta property=\"og:image:height\" content=\"366\" \/>\n\t<meta property=\"og:image:type\" content=\"image\/jpeg\" \/>\n<meta name=\"twitter:card\" content=\"summary_large_image\" \/>\n<script type=\"application\/ld+json\" class=\"yoast-schema-graph\">{\"@context\":\"https:\/\/schema.org\",\"@graph\":[{\"@type\":\"WebPage\",\"@id\":\"https:\/\/pasul-palma-village.ro\/locuri-musai-de-vizitat\/manastirea-sucevita-14-km\/\",\"url\":\"https:\/\/pasul-palma-village.ro\/locuri-musai-de-vizitat\/manastirea-sucevita-14-km\/\",\"name\":\"M\u0103n\u0103stirea Sucevita - 14 km - Pasul Palma Village\",\"isPartOf\":{\"@id\":\"https:\/\/pasul-palma-village.ro\/#website\"},\"primaryImageOfPage\":{\"@id\":\"https:\/\/pasul-palma-village.ro\/locuri-musai-de-vizitat\/manastirea-sucevita-14-km\/#primaryimage\"},\"image\":{\"@id\":\"https:\/\/pasul-palma-village.ro\/locuri-musai-de-vizitat\/manastirea-sucevita-14-km\/#primaryimage\"},\"thumbnailUrl\":\"https:\/\/pasul-palma-village.ro\/wp-content\/uploads\/2025\/11\/d54b401cd068e5b430943a91328923ec.jpg\",\"datePublished\":\"2025-11-23T20:13:35+00:00\",\"dateModified\":\"2025-11-24T08:25:14+00:00\",\"breadcrumb\":{\"@id\":\"https:\/\/pasul-palma-village.ro\/locuri-musai-de-vizitat\/manastirea-sucevita-14-km\/#breadcrumb\"},\"inLanguage\":\"en-GB\",\"potentialAction\":[{\"@type\":\"ReadAction\",\"target\":[\"https:\/\/pasul-palma-village.ro\/locuri-musai-de-vizitat\/manastirea-sucevita-14-km\/\"]}]},{\"@type\":\"ImageObject\",\"inLanguage\":\"en-GB\",\"@id\":\"https:\/\/pasul-palma-village.ro\/locuri-musai-de-vizitat\/manastirea-sucevita-14-km\/#primaryimage\",\"url\":\"https:\/\/pasul-palma-village.ro\/wp-content\/uploads\/2025\/11\/d54b401cd068e5b430943a91328923ec.jpg\",\"contentUrl\":\"https:\/\/pasul-palma-village.ro\/wp-content\/uploads\/2025\/11\/d54b401cd068e5b430943a91328923ec.jpg\",\"width\":550,\"height\":366},{\"@type\":\"BreadcrumbList\",\"@id\":\"https:\/\/pasul-palma-village.ro\/locuri-musai-de-vizitat\/manastirea-sucevita-14-km\/#breadcrumb\",\"itemListElement\":[{\"@type\":\"ListItem\",\"position\":1,\"name\":\"Prima pagin\u0103\",\"item\":\"https:\/\/pasul-palma-village.ro\/\"},{\"@type\":\"ListItem\",\"position\":2,\"name\":\"Listings\",\"item\":\"https:\/\/pasul-palma-village.ro\/listings\/\"},{\"@type\":\"ListItem\",\"position\":3,\"name\":\"M\u0103n\u0103stirea Sucevita &#8211; 14 km\"}]},{\"@type\":\"WebSite\",\"@id\":\"https:\/\/pasul-palma-village.ro\/#website\",\"url\":\"https:\/\/pasul-palma-village.ro\/\",\"name\":\"Pasul Palma Village\",\"description\":\"loc de cazare din VB\",\"publisher\":{\"@id\":\"https:\/\/pasul-palma-village.ro\/#organization\"},\"potentialAction\":[{\"@type\":\"SearchAction\",\"target\":{\"@type\":\"EntryPoint\",\"urlTemplate\":\"https:\/\/pasul-palma-village.ro\/?s={search_term_string}\"},\"query-input\":{\"@type\":\"PropertyValueSpecification\",\"valueRequired\":true,\"valueName\":\"search_term_string\"}}],\"inLanguage\":\"en-GB\"},{\"@type\":\"Organization\",\"@id\":\"https:\/\/pasul-palma-village.ro\/#organization\",\"name\":\"Pasul Palma Village\",\"url\":\"https:\/\/pasul-palma-village.ro\/\",\"logo\":{\"@type\":\"ImageObject\",\"inLanguage\":\"en-GB\",\"@id\":\"https:\/\/pasul-palma-village.ro\/#\/schema\/logo\/image\/\",\"url\":\"https:\/\/pasul-palma-village.ro\/wp-content\/uploads\/2025\/11\/cropped-3orizontal@4x.jpg\",\"contentUrl\":\"https:\/\/pasul-palma-village.ro\/wp-content\/uploads\/2025\/11\/cropped-3orizontal@4x.jpg\",\"width\":512,\"height\":512,\"caption\":\"Pasul Palma Village\"},\"image\":{\"@id\":\"https:\/\/pasul-palma-village.ro\/#\/schema\/logo\/image\/\"},\"sameAs\":[\"https:\/\/www.facebook.com\/pasulpalmavillage\",\"https:\/\/www.instagram.com\/pasulpalmavillage\/\",\"https:\/\/www.youtube.com\/@pasulpalmavillage\",\"https:\/\/www.tiktok.com\/@pasulpalmavillage\"]}]}<\/script>\n<!-- \/ Yoast SEO plugin. -->","yoast_head_json":{"title":"M\u0103n\u0103stirea Sucevita - 14 km - Pasul Palma Village","robots":{"index":"index","follow":"follow","max-snippet":"max-snippet:-1","max-image-preview":"max-image-preview:large","max-video-preview":"max-video-preview:-1"},"canonical":"https:\/\/pasul-palma-village.ro\/en\/locuri-musai-de-vizitat\/manastirea-sucevita-14-km\/","og_locale":"en_GB","og_type":"article","og_title":"M\u0103n\u0103stirea Sucevita - 14 km - Pasul Palma Village","og_description":"M\u0103n\u0103stirea Sucevi\u021ba reprezint\u0103 unul dintre cele mai solide argumente pentru unicitatea Bucovinei \u00een patrimoniul cultural mondial. Fortifica\u021biile \u00eenalte, turnurile masive \u0219i curtea interioar\u0103 armonios propor\u021bionat\u0103 creeaz\u0103 un ansamblu ce \u00eembin\u0103 func\u021bionalitatea militar\u0103 cu rafinamentul artei religioase. Frescele exterioare, dominate de celebrul \u201everde Sucevi\u021ba\u201d, sunt o enciclopedie vizual\u0103 a spiritualit\u0103\u021bii cre\u0219tine, realizat\u0103 cu o precizie care [&hellip;]","og_url":"https:\/\/pasul-palma-village.ro\/en\/locuri-musai-de-vizitat\/manastirea-sucevita-14-km\/","og_site_name":"Pasul Palma Village","article_publisher":"https:\/\/www.facebook.com\/pasulpalmavillage","article_modified_time":"2025-11-24T08:25:14+00:00","og_image":[{"width":550,"height":366,"url":"https:\/\/pasul-palma-village.ro\/wp-content\/uploads\/2025\/11\/d54b401cd068e5b430943a91328923ec.jpg","type":"image\/jpeg"}],"twitter_card":"summary_large_image","schema":{"@context":"https:\/\/schema.org","@graph":[{"@type":"WebPage","@id":"https:\/\/pasul-palma-village.ro\/locuri-musai-de-vizitat\/manastirea-sucevita-14-km\/","url":"https:\/\/pasul-palma-village.ro\/locuri-musai-de-vizitat\/manastirea-sucevita-14-km\/","name":"M\u0103n\u0103stirea Sucevita - 14 km - Pasul Palma Village","isPartOf":{"@id":"https:\/\/pasul-palma-village.ro\/#website"},"primaryImageOfPage":{"@id":"https:\/\/pasul-palma-village.ro\/locuri-musai-de-vizitat\/manastirea-sucevita-14-km\/#primaryimage"},"image":{"@id":"https:\/\/pasul-palma-village.ro\/locuri-musai-de-vizitat\/manastirea-sucevita-14-km\/#primaryimage"},"thumbnailUrl":"https:\/\/pasul-palma-village.ro\/wp-content\/uploads\/2025\/11\/d54b401cd068e5b430943a91328923ec.jpg","datePublished":"2025-11-23T20:13:35+00:00","dateModified":"2025-11-24T08:25:14+00:00","breadcrumb":{"@id":"https:\/\/pasul-palma-village.ro\/locuri-musai-de-vizitat\/manastirea-sucevita-14-km\/#breadcrumb"},"inLanguage":"en-GB","potentialAction":[{"@type":"ReadAction","target":["https:\/\/pasul-palma-village.ro\/locuri-musai-de-vizitat\/manastirea-sucevita-14-km\/"]}]},{"@type":"ImageObject","inLanguage":"en-GB","@id":"https:\/\/pasul-palma-village.ro\/locuri-musai-de-vizitat\/manastirea-sucevita-14-km\/#primaryimage","url":"https:\/\/pasul-palma-village.ro\/wp-content\/uploads\/2025\/11\/d54b401cd068e5b430943a91328923ec.jpg","contentUrl":"https:\/\/pasul-palma-village.ro\/wp-content\/uploads\/2025\/11\/d54b401cd068e5b430943a91328923ec.jpg","width":550,"height":366},{"@type":"BreadcrumbList","@id":"https:\/\/pasul-palma-village.ro\/locuri-musai-de-vizitat\/manastirea-sucevita-14-km\/#breadcrumb","itemListElement":[{"@type":"ListItem","position":1,"name":"Prima pagin\u0103","item":"https:\/\/pasul-palma-village.ro\/"},{"@type":"ListItem","position":2,"name":"Listings","item":"https:\/\/pasul-palma-village.ro\/listings\/"},{"@type":"ListItem","position":3,"name":"M\u0103n\u0103stirea Sucevita &#8211; 14 km"}]},{"@type":"WebSite","@id":"https:\/\/pasul-palma-village.ro\/#website","url":"https:\/\/pasul-palma-village.ro\/","name":"Pasul Palma Village","description":"loc de cazare din VB","publisher":{"@id":"https:\/\/pasul-palma-village.ro\/#organization"},"potentialAction":[{"@type":"SearchAction","target":{"@type":"EntryPoint","urlTemplate":"https:\/\/pasul-palma-village.ro\/?s={search_term_string}"},"query-input":{"@type":"PropertyValueSpecification","valueRequired":true,"valueName":"search_term_string"}}],"inLanguage":"en-GB"},{"@type":"Organization","@id":"https:\/\/pasul-palma-village.ro\/#organization","name":"Pasul Palma Village","url":"https:\/\/pasul-palma-village.ro\/","logo":{"@type":"ImageObject","inLanguage":"en-GB","@id":"https:\/\/pasul-palma-village.ro\/#\/schema\/logo\/image\/","url":"https:\/\/pasul-palma-village.ro\/wp-content\/uploads\/2025\/11\/cropped-3orizontal@4x.jpg","contentUrl":"https:\/\/pasul-palma-village.ro\/wp-content\/uploads\/2025\/11\/cropped-3orizontal@4x.jpg","width":512,"height":512,"caption":"Pasul Palma Village"},"image":{"@id":"https:\/\/pasul-palma-village.ro\/#\/schema\/logo\/image\/"},"sameAs":["https:\/\/www.facebook.com\/pasulpalmavillage","https:\/\/www.instagram.com\/pasulpalmavillage\/","https:\/\/www.youtube.com\/@pasulpalmavillage","https:\/\/www.tiktok.com\/@pasulpalmavillage"]}]}},"jetpack_sharing_enabled":true,"_links":{"self":[{"href":"https:\/\/pasul-palma-village.ro\/en\/wp-json\/wp\/v2\/listing\/1373","targetHints":{"allow":["GET"]}}],"collection":[{"href":"https:\/\/pasul-palma-village.ro\/en\/wp-json\/wp\/v2\/listing"}],"about":[{"href":"https:\/\/pasul-palma-village.ro\/en\/wp-json\/wp\/v2\/types\/listing"}],"author":[{"embeddable":true,"href":"https:\/\/pasul-palma-village.ro\/en\/wp-json\/wp\/v2\/users\/1"}],"replies":[{"embeddable":true,"href":"https:\/\/pasul-palma-village.ro\/en\/wp-json\/wp\/v2\/comments?post=1373"}],"wp:featuredmedia":[{"embeddable":true,"href":"https:\/\/pasul-palma-village.ro\/en\/wp-json\/wp\/v2\/media\/1402"}],"wp:attachment":[{"href":"https:\/\/pasul-palma-village.ro\/en\/wp-json\/wp\/v2\/media?parent=1373"}],"wp:term":[{"taxonomy":"listing_category","embeddable":true,"href":"https:\/\/pasul-palma-village.ro\/en\/wp-json\/wp\/v2\/listing_category?post=1373"},{"taxonomy":"event_category","embeddable":true,"href":"https:\/\/pasul-palma-village.ro\/en\/wp-json\/wp\/v2\/event_category?post=1373"},{"taxonomy":"service_category","embeddable":true,"href":"https:\/\/pasul-palma-village.ro\/en\/wp-json\/wp\/v2\/service_category?post=1373"},{"taxonomy":"rental_category","embeddable":true,"href":"https:\/\/pasul-palma-village.ro\/en\/wp-json\/wp\/v2\/rental_category?post=1373"},{"taxonomy":"classifieds_category","embeddable":true,"href":"https:\/\/pasul-palma-village.ro\/en\/wp-json\/wp\/v2\/classifieds_category?post=1373"},{"taxonomy":"listing_feature","embeddable":true,"href":"https:\/\/pasul-palma-village.ro\/en\/wp-json\/wp\/v2\/listing_feature?post=1373"},{"taxonomy":"region","embeddable":true,"href":"https:\/\/pasul-palma-village.ro\/en\/wp-json\/wp\/v2\/region?post=1373"}],"curies":[{"name":"wp","href":"https:\/\/api.w.org\/{rel}","templated":true}]}}