{"id":1142,"date":"2025-11-22T06:14:36","date_gmt":"2025-11-22T06:14:36","guid":{"rendered":"https:\/\/pasul-palma-village.ro\/?page_id=1142"},"modified":"2025-11-24T20:55:21","modified_gmt":"2025-11-24T20:55:21","slug":"despre-noi","status":"publish","type":"page","link":"https:\/\/pasul-palma-village.ro\/en\/despre-noi\/","title":{"rendered":"Despre Noi"},"content":{"rendered":"<div data-elementor-type=\"wp-page\" data-elementor-id=\"1142\" class=\"elementor elementor-1142\">\n\t\t\t\t<div class=\"elementor-element elementor-element-7234f540 e-flex e-con-boxed e-con e-parent\" data-id=\"7234f540\" data-element_type=\"container\">\n\t\t\t\t\t<div class=\"e-con-inner\">\n\t\t\t\t<div class=\"elementor-element elementor-element-194146d6 elementor-widget elementor-widget-text-editor\" data-id=\"194146d6\" data-element_type=\"widget\" data-widget_type=\"text-editor.default\">\n\t\t\t\t<div class=\"elementor-widget-container\">\n\t\t\t\t\t\t\t\t\t\n<p><strong>Despre noi<\/strong><\/p>\n\n\n\n<p>La <em>Pasul Palma Village<\/em>, fiecare loc de cazare spune o poveste. Aici, unde lini\u0219tea mun\u021bilor \u00eent\u00e2lne\u0219te confortul modern, te a\u0219teapt\u0103 o colec\u021bie de spa\u021bii create pentru relaxare, inspira\u021bie \u0219i momente autentice \u00een natur\u0103.<\/p>\n\n\n\n<p>Cabana <strong>A-Frame<\/strong>, <strong>V\u00e2rful Panoramic<\/strong>, <strong>Alpin Palma<\/strong>, <strong>Chalet Palma<\/strong> \u0219i <strong>Mirror House<\/strong> sunt mai mult dec\u00e2t simple locuri de dormit \u2013 sunt experien\u021be. Fiecare are personalitatea lui, fiecare \u00ee\u021bi ofer\u0103 o priveli\u0219te diferit\u0103 \u0219i o energie care te invit\u0103 s\u0103 te reconectezi cu tine \u0219i cu natura din jur.<\/p>\n\n\n\n<p>Am construit <em>Pasul Palma Village<\/em> cu grij\u0103 pentru detalii, respect pentru mediu \u0219i dorin\u021ba de a oferi oaspe\u021bilor no\u0219tri o atmosfer\u0103 primitoare, modern\u0103 \u0219i relaxant\u0103. Indiferent dac\u0103 cau\u021bi o escapad\u0103 romantic\u0103, un weekend cu prietenii sau pur \u0219i simplu un refugiu \u00een mijlocul muntelui, aici vei g\u0103si locul ideal.<\/p>\n\n\n\n<p>Te a\u0219tept\u0103m s\u0103 descoperi pove\u0219tile fiec\u0103rei cabane \u0219i s\u0103 creezi amintiri care r\u0103m\u00e2n.<\/p>\n\t\t\t\t\t\t\t\t<\/div>\n\t\t\t\t<\/div>\n\t\t\t\t<div class=\"elementor-element elementor-element-2c10f1c elementor-pagination-position-inside elementor-arrows-position-inside elementor-widget elementor-widget-image-carousel\" data-id=\"2c10f1c\" data-element_type=\"widget\" data-settings=\"{&quot;slides_to_show&quot;:&quot;2&quot;,&quot;slides_to_scroll&quot;:&quot;3&quot;,&quot;image_spacing_custom&quot;:{&quot;unit&quot;:&quot;px&quot;,&quot;size&quot;:6,&quot;sizes&quot;:[]},&quot;navigation&quot;:&quot;both&quot;,&quot;autoplay&quot;:&quot;yes&quot;,&quot;pause_on_hover&quot;:&quot;yes&quot;,&quot;pause_on_interaction&quot;:&quot;yes&quot;,&quot;autoplay_speed&quot;:5000,&quot;infinite&quot;:&quot;yes&quot;,&quot;speed&quot;:500,&quot;image_spacing_custom_widescreen&quot;:{&quot;unit&quot;:&quot;px&quot;,&quot;size&quot;:&quot;&quot;,&quot;sizes&quot;:[]},&quot;image_spacing_custom_tablet&quot;:{&quot;unit&quot;:&quot;px&quot;,&quot;size&quot;:&quot;&quot;,&quot;sizes&quot;:[]},&quot;image_spacing_custom_mobile&quot;:{&quot;unit&quot;:&quot;px&quot;,&quot;size&quot;:&quot;&quot;,&quot;sizes&quot;:[]}}\" data-widget_type=\"image-carousel.default\">\n\t\t\t\t<div class=\"elementor-widget-container\">\n\t\t\t\t\t\t\t<div class=\"elementor-image-carousel-wrapper swiper\" role=\"region\" aria-roledescription=\"carousel\" aria-label=\"Image Carousel\" dir=\"ltr\">\n\t\t\t<div class=\"elementor-image-carousel swiper-wrapper\" aria-live=\"off\">\n\t\t\t\t\t\t\t\t<div class=\"swiper-slide\" role=\"group\" aria-roledescription=\"slide\" aria-label=\"1 of 20\"><figure class=\"swiper-slide-inner\"><img decoding=\"async\" class=\"swiper-slide-image\" src=\"https:\/\/pasul-palma-village.ro\/wp-content\/uploads\/2018\/11\/Palma_-67-170x300.jpg\" alt=\"default\" \/><\/figure><\/div><div class=\"swiper-slide\" role=\"group\" aria-roledescription=\"slide\" aria-label=\"2 of 20\"><figure class=\"swiper-slide-inner\"><img decoding=\"async\" class=\"swiper-slide-image\" src=\"https:\/\/pasul-palma-village.ro\/wp-content\/uploads\/2018\/11\/Palma_-70-200x300.jpg\" alt=\"default\" \/><\/figure><\/div><div class=\"swiper-slide\" role=\"group\" aria-roledescription=\"slide\" aria-label=\"3 of 20\"><figure class=\"swiper-slide-inner\"><img decoding=\"async\" class=\"swiper-slide-image\" src=\"https:\/\/pasul-palma-village.ro\/wp-content\/uploads\/2018\/11\/Palma_-72-200x300.jpg\" alt=\"default\" \/><\/figure><\/div><div class=\"swiper-slide\" role=\"group\" aria-roledescription=\"slide\" aria-label=\"4 of 20\"><figure class=\"swiper-slide-inner\"><img decoding=\"async\" class=\"swiper-slide-image\" src=\"https:\/\/pasul-palma-village.ro\/wp-content\/uploads\/2018\/11\/Palma_-39-200x300.jpg\" alt=\"default\" \/><\/figure><\/div><div class=\"swiper-slide\" role=\"group\" aria-roledescription=\"slide\" aria-label=\"5 of 20\"><figure class=\"swiper-slide-inner\"><img decoding=\"async\" class=\"swiper-slide-image\" src=\"https:\/\/pasul-palma-village.ro\/wp-content\/uploads\/2018\/11\/Palma_-32-300x200.jpg\" alt=\"default\" \/><\/figure><\/div><div class=\"swiper-slide\" role=\"group\" aria-roledescription=\"slide\" aria-label=\"6 of 20\"><figure class=\"swiper-slide-inner\"><img decoding=\"async\" class=\"swiper-slide-image\" src=\"https:\/\/pasul-palma-village.ro\/wp-content\/uploads\/2018\/11\/Palma_-26-300x200.jpg\" alt=\"default\" \/><\/figure><\/div><div class=\"swiper-slide\" role=\"group\" aria-roledescription=\"slide\" aria-label=\"7 of 20\"><figure class=\"swiper-slide-inner\"><img decoding=\"async\" class=\"swiper-slide-image\" src=\"https:\/\/pasul-palma-village.ro\/wp-content\/uploads\/2018\/11\/Palma_-20-300x200.jpg\" alt=\"default\" \/><\/figure><\/div><div class=\"swiper-slide\" role=\"group\" aria-roledescription=\"slide\" aria-label=\"8 of 20\"><figure class=\"swiper-slide-inner\"><img decoding=\"async\" class=\"swiper-slide-image\" src=\"https:\/\/pasul-palma-village.ro\/wp-content\/uploads\/2018\/11\/Palma_-10-300x200.jpg\" alt=\"default\" \/><\/figure><\/div><div class=\"swiper-slide\" role=\"group\" aria-roledescription=\"slide\" aria-label=\"9 of 20\"><figure class=\"swiper-slide-inner\"><img decoding=\"async\" class=\"swiper-slide-image\" src=\"https:\/\/pasul-palma-village.ro\/wp-content\/uploads\/2018\/11\/Palma-Noapte-8-300x200.jpg\" alt=\"default\" \/><\/figure><\/div><div class=\"swiper-slide\" role=\"group\" aria-roledescription=\"slide\" aria-label=\"10 of 20\"><figure class=\"swiper-slide-inner\"><img decoding=\"async\" class=\"swiper-slide-image\" src=\"https:\/\/pasul-palma-village.ro\/wp-content\/uploads\/2018\/11\/Palma-Noapte-300x300.jpg\" alt=\"default\" \/><\/figure><\/div><div class=\"swiper-slide\" role=\"group\" aria-roledescription=\"slide\" aria-label=\"11 of 20\"><figure class=\"swiper-slide-inner\"><img decoding=\"async\" class=\"swiper-slide-image\" src=\"https:\/\/pasul-palma-village.ro\/wp-content\/uploads\/2018\/11\/Palma-Noapte-2-300x300.jpg\" alt=\"default\" \/><\/figure><\/div><div class=\"swiper-slide\" role=\"group\" aria-roledescription=\"slide\" aria-label=\"12 of 20\"><figure class=\"swiper-slide-inner\"><img decoding=\"async\" class=\"swiper-slide-image\" src=\"https:\/\/pasul-palma-village.ro\/wp-content\/uploads\/2018\/11\/Palma-Noapte-3-300x200.jpg\" alt=\"default\" \/><\/figure><\/div><div class=\"swiper-slide\" role=\"group\" aria-roledescription=\"slide\" aria-label=\"13 of 20\"><figure class=\"swiper-slide-inner\"><img decoding=\"async\" class=\"swiper-slide-image\" src=\"https:\/\/pasul-palma-village.ro\/wp-content\/uploads\/2025\/11\/image00024-225x300.jpeg\" alt=\"image00024\" \/><\/figure><\/div><div class=\"swiper-slide\" role=\"group\" aria-roledescription=\"slide\" aria-label=\"14 of 20\"><figure class=\"swiper-slide-inner\"><img decoding=\"async\" class=\"swiper-slide-image\" src=\"https:\/\/pasul-palma-village.ro\/wp-content\/uploads\/2025\/11\/image00019-225x300.jpeg\" alt=\"image00019\" \/><\/figure><\/div><div class=\"swiper-slide\" role=\"group\" aria-roledescription=\"slide\" aria-label=\"15 of 20\"><figure class=\"swiper-slide-inner\"><img decoding=\"async\" class=\"swiper-slide-image\" src=\"https:\/\/pasul-palma-village.ro\/wp-content\/uploads\/2025\/11\/Echitatie-pasul-palma-50-2jpeg-300x225.jpeg\" alt=\"Echitatie pasul palma 50 2jpeg\" \/><\/figure><\/div><div class=\"swiper-slide\" role=\"group\" aria-roledescription=\"slide\" aria-label=\"16 of 20\"><figure class=\"swiper-slide-inner\"><img decoding=\"async\" class=\"swiper-slide-image\" src=\"https:\/\/pasul-palma-village.ro\/wp-content\/uploads\/2018\/11\/DJI_20250607133808_0016_D-300x225.jpg\" alt=\"default\" \/><\/figure><\/div><div class=\"swiper-slide\" role=\"group\" aria-roledescription=\"slide\" aria-label=\"17 of 20\"><figure class=\"swiper-slide-inner\"><img decoding=\"async\" class=\"swiper-slide-image\" src=\"https:\/\/pasul-palma-village.ro\/wp-content\/uploads\/2018\/11\/DJI_20250607133839_0017_D-300x200.jpg\" alt=\"default\" \/><\/figure><\/div><div class=\"swiper-slide\" role=\"group\" aria-roledescription=\"slide\" aria-label=\"18 of 20\"><figure class=\"swiper-slide-inner\"><img decoding=\"async\" class=\"swiper-slide-image\" src=\"https:\/\/pasul-palma-village.ro\/wp-content\/uploads\/2018\/11\/DJI_20250607133844_0019_D-300x200.jpg\" alt=\"default\" \/><\/figure><\/div><div class=\"swiper-slide\" role=\"group\" aria-roledescription=\"slide\" aria-label=\"19 of 20\"><figure class=\"swiper-slide-inner\"><img decoding=\"async\" class=\"swiper-slide-image\" src=\"https:\/\/pasul-palma-village.ro\/wp-content\/uploads\/2018\/11\/Cabana-Palma-5-300x200.jpg\" alt=\"Cabana Palma-5\" \/><\/figure><\/div><div class=\"swiper-slide\" role=\"group\" aria-roledescription=\"slide\" aria-label=\"20 of 20\"><figure class=\"swiper-slide-inner\"><img decoding=\"async\" class=\"swiper-slide-image\" src=\"https:\/\/pasul-palma-village.ro\/wp-content\/uploads\/2018\/11\/Cabana-Palma-6-200x300.jpg\" alt=\"Palma Alpin\" \/><\/figure><\/div>\t\t\t<\/div>\n\t\t\t\t\t\t\t\t\t\t\t\t<div class=\"elementor-swiper-button elementor-swiper-button-prev\" role=\"button\" tabindex=\"0\">\n\t\t\t\t\t\t<i aria-hidden=\"true\" class=\"far fa-arrow-alt-circle-left\"><\/i>\t\t\t\t\t<\/div>\n\t\t\t\t\t<div class=\"elementor-swiper-button elementor-swiper-button-next\" role=\"button\" tabindex=\"0\">\n\t\t\t\t\t\t<i aria-hidden=\"true\" class=\"eicon-chevron-right\"><\/i>\t\t\t\t\t<\/div>\n\t\t\t\t\n\t\t\t\t\t\t\t\t\t<div class=\"swiper-pagination\"><\/div>\n\t\t\t\t\t\t\t\t\t<\/div>\n\t\t\t\t\t\t<\/div>\n\t\t\t\t<\/div>\n\t\t\t\t\t<\/div>\n\t\t\t\t<\/div>\n\t\t\t\t<\/div>","protected":false},"excerpt":{"rendered":"<p>Despre noi La Pasul Palma Village, fiecare loc de cazare spune o poveste. Aici, unde lini\u0219tea mun\u021bilor \u00eent\u00e2lne\u0219te confortul modern, te a\u0219teapt\u0103 o colec\u021bie de spa\u021bii create pentru relaxare, inspira\u021bie \u0219i momente autentice \u00een natur\u0103. Cabana A-Frame, V\u00e2rful Panoramic, Alpin Palma, Chalet Palma \u0219i Mirror House sunt mai mult dec\u00e2t simple locuri de dormit \u2013 [&hellip;]<\/p>","protected":false},"author":1,"featured_media":1314,"parent":0,"menu_order":0,"comment_status":"closed","ping_status":"closed","template":"","meta":{"footnotes":""},"class_list":["post-1142","page","type-page","status-publish","has-post-thumbnail","hentry"],"yoast_head":"<!-- This site is optimized with the Yoast SEO plugin v26.5 - https:\/\/yoast.com\/wordpress\/plugins\/seo\/ -->\n<title>Despre Noi - Pasul Palma Village<\/title>\n<meta name=\"robots\" content=\"index, follow, max-snippet:-1, max-image-preview:large, max-video-preview:-1\" \/>\n<link rel=\"canonical\" href=\"https:\/\/pasul-palma-village.ro\/en\/despre-noi\/\" \/>\n<meta property=\"og:locale\" content=\"en_GB\" \/>\n<meta property=\"og:type\" content=\"article\" \/>\n<meta property=\"og:title\" content=\"Despre Noi - Pasul Palma Village\" \/>\n<meta property=\"og:description\" content=\"Despre noi La Pasul Palma Village, fiecare loc de cazare spune o poveste. Aici, unde lini\u0219tea mun\u021bilor \u00eent\u00e2lne\u0219te confortul modern, te a\u0219teapt\u0103 o colec\u021bie de spa\u021bii create pentru relaxare, inspira\u021bie \u0219i momente autentice \u00een natur\u0103. Cabana A-Frame, V\u00e2rful Panoramic, Alpin Palma, Chalet Palma \u0219i Mirror House sunt mai mult dec\u00e2t simple locuri de dormit \u2013 [&hellip;]\" \/>\n<meta property=\"og:url\" content=\"https:\/\/pasul-palma-village.ro\/en\/despre-noi\/\" \/>\n<meta property=\"og:site_name\" content=\"Pasul Palma Village\" \/>\n<meta property=\"article:publisher\" content=\"https:\/\/www.facebook.com\/pasulpalmavillage\" \/>\n<meta property=\"article:modified_time\" content=\"2025-11-24T20:55:21+00:00\" \/>\n<meta property=\"og:image\" content=\"https:\/\/pasul-palma-village.ro\/wp-content\/uploads\/2018\/11\/DJI_20250607133056_0004_D-scaled.jpg\" \/>\n\t<meta property=\"og:image:width\" content=\"1707\" \/>\n\t<meta property=\"og:image:height\" content=\"2560\" \/>\n\t<meta property=\"og:image:type\" content=\"image\/jpeg\" \/>\n<meta name=\"twitter:card\" content=\"summary_large_image\" \/>\n<meta name=\"twitter:label1\" content=\"Estimated reading time\" \/>\n\t<meta name=\"twitter:data1\" content=\"1 minute\" \/>\n<script type=\"application\/ld+json\" class=\"yoast-schema-graph\">{\"@context\":\"https:\/\/schema.org\",\"@graph\":[{\"@type\":\"WebPage\",\"@id\":\"https:\/\/pasul-palma-village.ro\/despre-noi\/\",\"url\":\"https:\/\/pasul-palma-village.ro\/despre-noi\/\",\"name\":\"Despre Noi - Pasul Palma Village\",\"isPartOf\":{\"@id\":\"https:\/\/pasul-palma-village.ro\/#website\"},\"primaryImageOfPage\":{\"@id\":\"https:\/\/pasul-palma-village.ro\/despre-noi\/#primaryimage\"},\"image\":{\"@id\":\"https:\/\/pasul-palma-village.ro\/despre-noi\/#primaryimage\"},\"thumbnailUrl\":\"https:\/\/pasul-palma-village.ro\/wp-content\/uploads\/2018\/11\/DJI_20250607133056_0004_D-scaled.jpg\",\"datePublished\":\"2025-11-22T06:14:36+00:00\",\"dateModified\":\"2025-11-24T20:55:21+00:00\",\"breadcrumb\":{\"@id\":\"https:\/\/pasul-palma-village.ro\/despre-noi\/#breadcrumb\"},\"inLanguage\":\"en-GB\",\"potentialAction\":[{\"@type\":\"ReadAction\",\"target\":[\"https:\/\/pasul-palma-village.ro\/despre-noi\/\"]}]},{\"@type\":\"ImageObject\",\"inLanguage\":\"en-GB\",\"@id\":\"https:\/\/pasul-palma-village.ro\/despre-noi\/#primaryimage\",\"url\":\"https:\/\/pasul-palma-village.ro\/wp-content\/uploads\/2018\/11\/DJI_20250607133056_0004_D-scaled.jpg\",\"contentUrl\":\"https:\/\/pasul-palma-village.ro\/wp-content\/uploads\/2018\/11\/DJI_20250607133056_0004_D-scaled.jpg\",\"width\":1707,\"height\":2560,\"caption\":\"Cabane Ziua\"},{\"@type\":\"BreadcrumbList\",\"@id\":\"https:\/\/pasul-palma-village.ro\/despre-noi\/#breadcrumb\",\"itemListElement\":[{\"@type\":\"ListItem\",\"position\":1,\"name\":\"Prima pagin\u0103\",\"item\":\"https:\/\/pasul-palma-village.ro\/\"},{\"@type\":\"ListItem\",\"position\":2,\"name\":\"Despre Noi\"}]},{\"@type\":\"WebSite\",\"@id\":\"https:\/\/pasul-palma-village.ro\/#website\",\"url\":\"https:\/\/pasul-palma-village.ro\/\",\"name\":\"Pasul Palma Village\",\"description\":\"loc de cazare din VB\",\"publisher\":{\"@id\":\"https:\/\/pasul-palma-village.ro\/#organization\"},\"potentialAction\":[{\"@type\":\"SearchAction\",\"target\":{\"@type\":\"EntryPoint\",\"urlTemplate\":\"https:\/\/pasul-palma-village.ro\/?s={search_term_string}\"},\"query-input\":{\"@type\":\"PropertyValueSpecification\",\"valueRequired\":true,\"valueName\":\"search_term_string\"}}],\"inLanguage\":\"en-GB\"},{\"@type\":\"Organization\",\"@id\":\"https:\/\/pasul-palma-village.ro\/#organization\",\"name\":\"Pasul Palma Village\",\"url\":\"https:\/\/pasul-palma-village.ro\/\",\"logo\":{\"@type\":\"ImageObject\",\"inLanguage\":\"en-GB\",\"@id\":\"https:\/\/pasul-palma-village.ro\/#\/schema\/logo\/image\/\",\"url\":\"https:\/\/pasul-palma-village.ro\/wp-content\/uploads\/2025\/11\/cropped-3orizontal@4x.jpg\",\"contentUrl\":\"https:\/\/pasul-palma-village.ro\/wp-content\/uploads\/2025\/11\/cropped-3orizontal@4x.jpg\",\"width\":512,\"height\":512,\"caption\":\"Pasul Palma Village\"},\"image\":{\"@id\":\"https:\/\/pasul-palma-village.ro\/#\/schema\/logo\/image\/\"},\"sameAs\":[\"https:\/\/www.facebook.com\/pasulpalmavillage\",\"https:\/\/www.instagram.com\/pasulpalmavillage\/\",\"https:\/\/www.youtube.com\/@pasulpalmavillage\",\"https:\/\/www.tiktok.com\/@pasulpalmavillage\"]}]}<\/script>\n<!-- \/ Yoast SEO plugin. -->","yoast_head_json":{"title":"Despre Noi - Pasul Palma Village","robots":{"index":"index","follow":"follow","max-snippet":"max-snippet:-1","max-image-preview":"max-image-preview:large","max-video-preview":"max-video-preview:-1"},"canonical":"https:\/\/pasul-palma-village.ro\/en\/despre-noi\/","og_locale":"en_GB","og_type":"article","og_title":"Despre Noi - Pasul Palma Village","og_description":"Despre noi La Pasul Palma Village, fiecare loc de cazare spune o poveste. Aici, unde lini\u0219tea mun\u021bilor \u00eent\u00e2lne\u0219te confortul modern, te a\u0219teapt\u0103 o colec\u021bie de spa\u021bii create pentru relaxare, inspira\u021bie \u0219i momente autentice \u00een natur\u0103. Cabana A-Frame, V\u00e2rful Panoramic, Alpin Palma, Chalet Palma \u0219i Mirror House sunt mai mult dec\u00e2t simple locuri de dormit \u2013 [&hellip;]","og_url":"https:\/\/pasul-palma-village.ro\/en\/despre-noi\/","og_site_name":"Pasul Palma Village","article_publisher":"https:\/\/www.facebook.com\/pasulpalmavillage","article_modified_time":"2025-11-24T20:55:21+00:00","og_image":[{"width":1707,"height":2560,"url":"https:\/\/pasul-palma-village.ro\/wp-content\/uploads\/2018\/11\/DJI_20250607133056_0004_D-scaled.jpg","type":"image\/jpeg"}],"twitter_card":"summary_large_image","twitter_misc":{"Estimated reading time":"1 minute"},"schema":{"@context":"https:\/\/schema.org","@graph":[{"@type":"WebPage","@id":"https:\/\/pasul-palma-village.ro\/despre-noi\/","url":"https:\/\/pasul-palma-village.ro\/despre-noi\/","name":"Despre Noi - Pasul Palma Village","isPartOf":{"@id":"https:\/\/pasul-palma-village.ro\/#website"},"primaryImageOfPage":{"@id":"https:\/\/pasul-palma-village.ro\/despre-noi\/#primaryimage"},"image":{"@id":"https:\/\/pasul-palma-village.ro\/despre-noi\/#primaryimage"},"thumbnailUrl":"https:\/\/pasul-palma-village.ro\/wp-content\/uploads\/2018\/11\/DJI_20250607133056_0004_D-scaled.jpg","datePublished":"2025-11-22T06:14:36+00:00","dateModified":"2025-11-24T20:55:21+00:00","breadcrumb":{"@id":"https:\/\/pasul-palma-village.ro\/despre-noi\/#breadcrumb"},"inLanguage":"en-GB","potentialAction":[{"@type":"ReadAction","target":["https:\/\/pasul-palma-village.ro\/despre-noi\/"]}]},{"@type":"ImageObject","inLanguage":"en-GB","@id":"https:\/\/pasul-palma-village.ro\/despre-noi\/#primaryimage","url":"https:\/\/pasul-palma-village.ro\/wp-content\/uploads\/2018\/11\/DJI_20250607133056_0004_D-scaled.jpg","contentUrl":"https:\/\/pasul-palma-village.ro\/wp-content\/uploads\/2018\/11\/DJI_20250607133056_0004_D-scaled.jpg","width":1707,"height":2560,"caption":"Cabane Ziua"},{"@type":"BreadcrumbList","@id":"https:\/\/pasul-palma-village.ro\/despre-noi\/#breadcrumb","itemListElement":[{"@type":"ListItem","position":1,"name":"Prima pagin\u0103","item":"https:\/\/pasul-palma-village.ro\/"},{"@type":"ListItem","position":2,"name":"Despre Noi"}]},{"@type":"WebSite","@id":"https:\/\/pasul-palma-village.ro\/#website","url":"https:\/\/pasul-palma-village.ro\/","name":"Pasul Palma Village","description":"loc de cazare din VB","publisher":{"@id":"https:\/\/pasul-palma-village.ro\/#organization"},"potentialAction":[{"@type":"SearchAction","target":{"@type":"EntryPoint","urlTemplate":"https:\/\/pasul-palma-village.ro\/?s={search_term_string}"},"query-input":{"@type":"PropertyValueSpecification","valueRequired":true,"valueName":"search_term_string"}}],"inLanguage":"en-GB"},{"@type":"Organization","@id":"https:\/\/pasul-palma-village.ro\/#organization","name":"Pasul Palma Village","url":"https:\/\/pasul-palma-village.ro\/","logo":{"@type":"ImageObject","inLanguage":"en-GB","@id":"https:\/\/pasul-palma-village.ro\/#\/schema\/logo\/image\/","url":"https:\/\/pasul-palma-village.ro\/wp-content\/uploads\/2025\/11\/cropped-3orizontal@4x.jpg","contentUrl":"https:\/\/pasul-palma-village.ro\/wp-content\/uploads\/2025\/11\/cropped-3orizontal@4x.jpg","width":512,"height":512,"caption":"Pasul Palma Village"},"image":{"@id":"https:\/\/pasul-palma-village.ro\/#\/schema\/logo\/image\/"},"sameAs":["https:\/\/www.facebook.com\/pasulpalmavillage","https:\/\/www.instagram.com\/pasulpalmavillage\/","https:\/\/www.youtube.com\/@pasulpalmavillage","https:\/\/www.tiktok.com\/@pasulpalmavillage"]}]}},"jetpack_sharing_enabled":true,"_links":{"self":[{"href":"https:\/\/pasul-palma-village.ro\/en\/wp-json\/wp\/v2\/pages\/1142","targetHints":{"allow":["GET"]}}],"collection":[{"href":"https:\/\/pasul-palma-village.ro\/en\/wp-json\/wp\/v2\/pages"}],"about":[{"href":"https:\/\/pasul-palma-village.ro\/en\/wp-json\/wp\/v2\/types\/page"}],"author":[{"embeddable":true,"href":"https:\/\/pasul-palma-village.ro\/en\/wp-json\/wp\/v2\/users\/1"}],"replies":[{"embeddable":true,"href":"https:\/\/pasul-palma-village.ro\/en\/wp-json\/wp\/v2\/comments?post=1142"}],"version-history":[{"count":5,"href":"https:\/\/pasul-palma-village.ro\/en\/wp-json\/wp\/v2\/pages\/1142\/revisions"}],"predecessor-version":[{"id":1579,"href":"https:\/\/pasul-palma-village.ro\/en\/wp-json\/wp\/v2\/pages\/1142\/revisions\/1579"}],"wp:featuredmedia":[{"embeddable":true,"href":"https:\/\/pasul-palma-village.ro\/en\/wp-json\/wp\/v2\/media\/1314"}],"wp:attachment":[{"href":"https:\/\/pasul-palma-village.ro\/en\/wp-json\/wp\/v2\/media?parent=1142"}],"curies":[{"name":"wp","href":"https:\/\/api.w.org\/{rel}","templated":true}]}}